{"id":3586,"date":"2021-09-28T15:02:23","date_gmt":"2021-09-28T15:02:23","guid":{"rendered":"https:\/\/www.movie-ments.cat\/coneixenca\/?page_id=3586"},"modified":"2022-04-07T10:39:52","modified_gmt":"2022-04-07T10:39:52","slug":"es","status":"publish","type":"page","link":"https:\/\/www.movie-ments.cat\/coneixenca\/es\/","title":{"rendered":"Coneixen\u00e7a ES"},"content":{"rendered":"<p>[vc_row][vc_column][vc_row_inner][vc_column_inner][rev_slider_vc alias=&#8221;home-en-1&#8243;][\/vc_column_inner][\/vc_row_inner][\/vc_column][\/vc_row][vc_row full_width=&#8221;stretch_row&#8221; css=&#8221;.vc_custom_1614857301086{padding-top: 3% !important;padding-bottom: 6% !important;background-color: #003153 !important;}&#8221; el_id=&#8221;premisa&#8221;][vc_column][vc_custom_heading heading_style=&#8221;heading_style_11&#8243; text=&#8221;DEC\u00c1LOGO DE REALIZACI\u00d3N&#8221; font_container=&#8221;tag:h2|text_align:center|color:%23ffffff&#8221; use_theme_fonts=&#8221;yes&#8221; css=&#8221;.vc_custom_1649327582566{padding-top: 3% !important;padding-bottom: 3% !important;}&#8221;][vc_row_inner][vc_column_inner width=&#8221;1\/6&#8243;][\/vc_column_inner][vc_column_inner width=&#8221;2\/3&#8243;][vc_column_text]Es impl\u00edcito que, para poder priorizar una pel\u00edcula, en alg\u00fan momento se tendr\u00e1 que hacer\u00a0un juicio cr\u00edtico. Posiblemente, conocer el contexto en que la obra se ha realizado puede\u00a0ayudar a valorarla desde otras perspectivas.<\/p>\n<p>El documental \u201cConocimiento\u201d se ha asociado a la palabra ensayo, que proviene de la\u00a0palabra francesa essai 1 , traducible como \u201cintento\u201d, \u201ctentativa\u201d, \u201caproximaci\u00f3n\u201d o \u201cprueba\u201d.\u00a0Aplico el ensayo documental como un procedimiento de trabajo para poder coger una\u00a0forma cinematogr\u00e1fica expresiva, de vocaci\u00f3n m\u00e1s argumental que narrativa.<\/p>\n<p>Por la experimentaci\u00f3n llevada a cabo con los antecedentes cinematogr\u00e1ficos, tomamos la\u00a0iniciativa para definir los preceptos b\u00e1sicos que vertebran el dec\u00e1logo del g\u00e9nero\u00a0documental de ensayo:[\/vc_column_text]                    <div class=\"  \">\n                <div class=\"accordion-shortcode-wrap style_1 \">\n    <div class=\"accordion-shortcode-content\">\n        <div class=\"panel-group\" id=\"accordion-672758622\">\n                        <div class=\"panel\">\n                <div class=\"panel-heading\">\n                    <h4 class=\"panel-title\">\n                        <a data-toggle=\"collapse\" class=\"in\" data-parent=\"#accordion-672758622\" href=\"#1-la-economia-de-resistencia-para-trabajar-en-la-proximidad-territorial-km-0\">1. La econom\u00eda de resistencia para trabajar en la proximidad territorial, km 0.<\/a>\n                    <\/h4>\n                <\/div>\n                <div id=\"1-la-economia-de-resistencia-para-trabajar-en-la-proximidad-territorial-km-0\" class=\"panel-collapse collapse in\">\n                    <div class=\"panel-body\">\n                        Hay un principio relevante que orienta el inicio de la producci\u00f3n y que ha articulado los \u00faltimos trabajos: \u201cAseg\u00farate de haber terminado con todo lo que se pueda descubrir en el espacio pr\u00f3ximo.\u201d Se trata pues de una obra cinematogr\u00e1fica vinculada a la proximidad territorial, km 0. Podemos decir que hay muchos mundos cerca del nuestro.                    <\/div>\n                <\/div>\n            <\/div>\n                        <div class=\"panel\">\n                <div class=\"panel-heading\">\n                    <h4 class=\"panel-title\">\n                        <a data-toggle=\"collapse\" class=\"\" data-parent=\"#accordion-672758622\" href=\"#2-la-intuicion-como-punto-de-partida-y-la-definicion-de-la-premisa-de-inicio\">2. La intuici\u00f3n como punto de partida y la definici\u00f3n de la premisa de inicio.<\/a>\n                    <\/h4>\n                <\/div>\n                <div id=\"2-la-intuicion-como-punto-de-partida-y-la-definicion-de-la-premisa-de-inicio\" class=\"panel-collapse collapse \">\n                    <div class=\"panel-body\">\n                        El proceso creativo inicial es m\u00e1s intuitivo que racional. Partimos de un breve escrito esquem\u00e1tico, acompa\u00f1ado de una premisa en clave de orientaci\u00f3n general. Se trata de buscar ideas que terminen por articular un entrelazamiento de conexiones conceptuales. Partimos del sentido funcional de aplicar ideas en la vida misma. El planteamiento se contrapone al razonamiento l\u00f3gico de una extensa escritura premeditada y de c\u00e1lculo, como se produce en los guiones literarios narrativos y t\u00e9cnicos de las producciones ortodoxas.                    <\/div>\n                <\/div>\n            <\/div>\n                        <div class=\"panel\">\n                <div class=\"panel-heading\">\n                    <h4 class=\"panel-title\">\n                        <a data-toggle=\"collapse\" class=\"\" data-parent=\"#accordion-672758622\" href=\"#3-el-azar-como-detonante-para-neutralizar-la-razon-y-sus-premeditaciones\">3. El azar como detonante para neutralizar la raz\u00f3n y sus premeditaciones.<\/a>\n                    <\/h4>\n                <\/div>\n                <div id=\"3-el-azar-como-detonante-para-neutralizar-la-razon-y-sus-premeditaciones\" class=\"panel-collapse collapse \">\n                    <div class=\"panel-body\">\n                        Se trata de descubrir aquello que se manifiesta genuinamente, no de encontrar la manifestaci\u00f3n que ha premeditado la raz\u00f3n. El que pretendemos es minimizar los riesgos de condicionar la existencia interpretativa a un \u00fanico patr\u00f3n descriptivo de la realidad. Es decir, nos posicionamos para facilitar las lecturas divergentes de un mismo fen\u00f3meno.                     <\/div>\n                <\/div>\n            <\/div>\n                        <div class=\"panel\">\n                <div class=\"panel-heading\">\n                    <h4 class=\"panel-title\">\n                        <a data-toggle=\"collapse\" class=\"\" data-parent=\"#accordion-672758622\" href=\"#4-la-exploracion-inicial-del-espacio-y-la-observacion-del-punto-de-vista-de-los-protagonistas\">4. La exploraci\u00f3n inicial del espacio y la observaci\u00f3n del punto de vista de los protagonistas.<\/a>\n                    <\/h4>\n                <\/div>\n                <div id=\"4-la-exploracion-inicial-del-espacio-y-la-observacion-del-punto-de-vista-de-los-protagonistas\" class=\"panel-collapse collapse \">\n                    <div class=\"panel-body\">\n                        La actividad principal est\u00e1 constituida por la mirada del autor\/a y de los protagonistas sobre las relaciones sutiles, m\u00e1s o menos profundas, que se establecen con el mundo. De hecho, aquello que caracteriza el documental de ensayo es la voluntad de creaci\u00f3n como testimonio vital, la pretensi\u00f3n reflexiva y la intenci\u00f3n de profundizar en aquello humano. Para buscar algo que se verifique como portadora de verdad, se tiene que recurrir a la observaci\u00f3n paciente de los acontecimientos en la vida sensible.                     <\/div>\n                <\/div>\n            <\/div>\n                        <div class=\"panel\">\n                <div class=\"panel-heading\">\n                    <h4 class=\"panel-title\">\n                        <a data-toggle=\"collapse\" class=\"\" data-parent=\"#accordion-672758622\" href=\"#5-la-conceptualizacion-para-evitar-la-dispersion-y-definir-el-campo-de-actuacion\">5. La conceptualizaci\u00f3n para evitar la dispersi\u00f3n y definir el campo de actuaci\u00f3n. <\/a>\n                    <\/h4>\n                <\/div>\n                <div id=\"5-la-conceptualizacion-para-evitar-la-dispersion-y-definir-el-campo-de-actuacion\" class=\"panel-collapse collapse \">\n                    <div class=\"panel-body\">\n                        Aunque exista una gran predisposici\u00f3n a observar aquello que se produce con detenimiento, es importante tambi\u00e9n definir algunos conceptos que act\u00faen como anclas en el desconocido campo de exploraci\u00f3n en que nos adentraremos.\nLa realizaci\u00f3n implica, tambi\u00e9n, reflexionar sobre el mismo proceso de creaci\u00f3n mediante la alternancia de breves escritos, reflexiones y actividades de documentalismo en paralelo, como, por ejemplo, la experiencia f\u00edlmica y las posibles alternativas para la futura construcci\u00f3n musical.                    <\/div>\n                <\/div>\n            <\/div>\n                        <div class=\"panel\">\n                <div class=\"panel-heading\">\n                    <h4 class=\"panel-title\">\n                        <a data-toggle=\"collapse\" class=\"\" data-parent=\"#accordion-672758622\" href=\"#6-la-movilizacion-de-un-equipo-de-minimos-para-cuando-se-tenga-que-rodar-en-solitario\">6. La movilizaci\u00f3n de un equipo de m\u00ednimos para cuando se tenga que rodar en solitario.<\/a>\n                    <\/h4>\n                <\/div>\n                <div id=\"6-la-movilizacion-de-un-equipo-de-minimos-para-cuando-se-tenga-que-rodar-en-solitario\" class=\"panel-collapse collapse \">\n                    <div class=\"panel-body\">\n                        Por las caracter\u00edsticas de trabajo, las actividades se tienen que desarrollar mediante un equipo reducido, por qu\u00e9 incluso, en muchas ocasiones, el autor tiene que llevar a t\u00e9rmino la actividad de grabaci\u00f3n en solitario. En consecuencia, lo que tambi\u00e9n puede caracterizar la realizaci\u00f3n de un documental de ensayo es trabajar sin los recursos de las producciones convencionales, tan estrechamente ligadas a calendarios restringidos y al trabajo concentrado en grupos especializados.                     <\/div>\n                <\/div>\n            <\/div>\n                        <div class=\"panel\">\n                <div class=\"panel-heading\">\n                    <h4 class=\"panel-title\">\n                        <a data-toggle=\"collapse\" class=\"\" data-parent=\"#accordion-672758622\" href=\"#7-la-asiduidad-de-las-actividades-para-descubrir-posibles-argumentos\">7. La asiduidad de las actividades para descubrir posibles argumentos. <\/a>\n                    <\/h4>\n                <\/div>\n                <div id=\"7-la-asiduidad-de-las-actividades-para-descubrir-posibles-argumentos\" class=\"panel-collapse collapse \">\n                    <div class=\"panel-body\">\n                        La periodicidad y la frecuencia de las actividades de grabaci\u00f3n se convierten pr\u00e1cticamente en el devenir cotidiano. El flujo de la vida se interrelaciona \u00edntimamente con la misma actividad art\u00edstica, porque la necesidad expresiva es honesta, y el compromiso determinante. \n\nLa metodolog\u00eda de trabajo exige grabaciones diversificadas en el tiempo que suelen alargarse un par de a\u00f1os. Para poder iniciar el trabajo de campo con la participaci\u00f3n de los futuros colaboradores y de los protagonistas, se dise\u00f1a una pauta relacionada con la frecuencia semanal de los rodajes. As\u00ed, se puede empezar la exploraci\u00f3n de la realidad de manera conjunta. Por otro lado, se excluye desde un principio cualquier nexo comercial con los protagonistas.                     <\/div>\n                <\/div>\n            <\/div>\n                        <div class=\"panel\">\n                <div class=\"panel-heading\">\n                    <h4 class=\"panel-title\">\n                        <a data-toggle=\"collapse\" class=\"\" data-parent=\"#accordion-672758622\" href=\"#8-la-activacion-del-juego-con-los-protagonistas-cuando-la-realidad-pierde-dinamismo\">8. La activaci\u00f3n del juego con los protagonistas cuando la realidad pierde dinamismo.<\/a>\n                    <\/h4>\n                <\/div>\n                <div id=\"8-la-activacion-del-juego-con-los-protagonistas-cuando-la-realidad-pierde-dinamismo\" class=\"panel-collapse collapse \">\n                    <div class=\"panel-body\">\n                        El \u00fanico que nos acerca a una intencionalidad es la disposici\u00f3n l\u00fadica como recurso para activar la interacci\u00f3n con la realidad cuando esta tiene tendencia a inmovilizarse parsimoniosamente. \nEs decir, la proyecci\u00f3n de la fantas\u00eda aparece como una sugerencia mediante el juego. La puesta en escena se enriquece de acci\u00f3n para complementar la realidad aparente con una determinada po\u00e9tica.                     <\/div>\n                <\/div>\n            <\/div>\n                        <div class=\"panel\">\n                <div class=\"panel-heading\">\n                    <h4 class=\"panel-title\">\n                        <a data-toggle=\"collapse\" class=\"\" data-parent=\"#accordion-672758622\" href=\"#9-la-construccion-de-significados-con-la-esencia-del-hecho-filmado\">9. La construcci\u00f3n de significados con la esencia del hecho filmado. <\/a>\n                    <\/h4>\n                <\/div>\n                <div id=\"9-la-construccion-de-significados-con-la-esencia-del-hecho-filmado\" class=\"panel-collapse collapse \">\n                    <div class=\"panel-body\">\n                        Esta f\u00f3rmula de trabajo tambi\u00e9n posibilita el acceso al material de edici\u00f3n de manera intermitente, cosa que facilita la observaci\u00f3n con detalle de otros elementos grabados y genera nuevos retos en la concepci\u00f3n para ir buscando estructuras argumentales o expresivas.                    <\/div>\n                <\/div>\n            <\/div>\n                        <div class=\"panel\">\n                <div class=\"panel-heading\">\n                    <h4 class=\"panel-title\">\n                        <a data-toggle=\"collapse\" class=\"\" data-parent=\"#accordion-672758622\" href=\"#10-el-entrelazamiento-de-sucesos-y-el-surgimiento-de-alegorias-para-revelar-el-mundo\">10. El entrelazamiento de sucesos y el surgimiento de alegor\u00edas para revelar el mundo.<\/a>\n                    <\/h4>\n                <\/div>\n                <div id=\"10-el-entrelazamiento-de-sucesos-y-el-surgimiento-de-alegorias-para-revelar-el-mundo\" class=\"panel-collapse collapse \">\n                    <div class=\"panel-body\">\n                        La vida se sucede en m\u00faltiples acontecimientos que modifican permanentemente las apariencias de la realidad espacial y temporal. El hallazgo o el acierto se manifiesta al entrelazar determinados sucesos en una unidad afectiva que puede llegar a revelar su \u00edntimo significado. \n\nLa transformaci\u00f3n de la experiencia vivida ocasiona la forma de la obra final. El trabajo realizado posee cierta impronta identificable, como se puede reflejar en el uso de alegor\u00edas consistentes en la representaci\u00f3n de significados simb\u00f3licos. \n\nPor todo el que se ha mencionado, podemos decir que la definici\u00f3n del g\u00e9nero documental de ensayo posee caracter\u00edsticas espec\u00edficas por la singularidad en la aplicaci\u00f3n del proceso de creaci\u00f3n.                    <\/div>\n                <\/div>\n            <\/div>\n                    <\/div>\n    <\/div>\n<\/div>            <\/div>\n                [\/vc_column_inner][vc_column_inner width=&#8221;1\/6&#8243;][\/vc_column_inner][\/vc_row_inner][vc_row_inner][vc_column_inner][vc_custom_heading heading_style=&#8221;heading_style_11&#8243; text=&#8221;PREMISA&#8221; font_container=&#8221;tag:h2|text_align:center|color:%23ffffff&#8221; use_theme_fonts=&#8221;yes&#8221; css=&#8221;.vc_custom_1614854415433{padding-top: 3% !important;padding-bottom: 3% !important;}&#8221;][\/vc_column_inner][\/vc_row_inner][vc_row_inner][vc_column_inner width=&#8221;1\/6&#8243;][\/vc_column_inner][vc_column_inner width=&#8221;2\/3&#8243;][vc_column_text]<\/p>\n<p style=\"text-align: center;\">Nos proponemos buscar la transformaci\u00f3n de la materia partiendo principalmente del tratamiento de la madera para la construcci\u00f3n de unos instrumentos en el taller del lutier<a href=\"#_ftn1\" name=\"_ftnref1\">1<\/a>. Queremos realzar los valores arm\u00f3nicos del humano con la naturaleza. La actividad humana elaborando la materia para convertirla en vibraci\u00f3n, vibraciones inherentes al universo&#8230;<\/p>\n<p style=\"text-align: center;\">La palabra materia tiene en su origen griego y latino el significado de madera, material de construcci\u00f3n, bosque, selva. Resulta interesante la singularidad de la palabra *lutier, que deriva de *luth (la\u00fad); el t\u00e9rmino proviene realmente del \u00e1rabe al-`*\u016bd (la\u00fad), que significa \u201cla madera\u201d.<\/p>\n<p>[\/vc_column_text][\/vc_column_inner][vc_column_inner width=&#8221;1\/6&#8243;][\/vc_column_inner][\/vc_row_inner][\/vc_column][vc_column][\/vc_column][vc_column][\/vc_column][\/vc_row][vc_row full_width=&#8221;stretch_row_content&#8221; css=&#8221;.vc_custom_1614853107397{padding-bottom: 5% !important;background-color: #003153 !important;}&#8221; el_class=&#8221;go-ahead-7&#8243;][vc_column width=&#8221;5\/12&#8243; css=&#8221;.vc_custom_1614852486021{background-image: url(https:\/\/www.movie-ments.cat\/coneixenca\/wp-content\/uploads\/2021\/03\/IMG_25212-1-scaled.jpg?id=3388) !important;background-position: center !important;background-repeat: no-repeat !important;background-size: cover !important;}&#8221;][vc_row_inner][vc_column_inner]                        <div class=\" vc_custom_1632841400838  \">\n                <div class=\"text-label-shortcode-wrap style_2 \">\n\t<div class=\"text-label-content\">\n        <div class=\"label-title\">SINOPSIS<\/div>\n        <div class=\"label-description\">Un disc\u00edpulo aprende del maestro lutier la construcci\u00f3n singular de unos instrumentos de cuerda por medio de la observaci\u00f3n y la praxis. Un recorrido en busca de aquellos acordes capaces de sustraer el ser humano de s\u00ed mismo.<\/div>\n    <\/div>\n<\/div>            <\/div>\n                    [\/vc_column_inner][\/vc_row_inner][\/vc_column][vc_column width=&#8221;7\/12&#8243;][vc_row_inner][vc_column_inner][vc_single_image image=&#8221;3658&#8243; img_size=&#8221;large&#8221; alignment=&#8221;center&#8221;][\/vc_column_inner][\/vc_row_inner][\/vc_column][\/vc_row][vc_row full_width=&#8221;stretch_row&#8221; css=&#8221;.vc_custom_1614857307554{padding-bottom: 5% !important;background-color: #003153 !important;}&#8221; el_class=&#8221;go-ahead-7&#8243; el_id=&#8221;trailer&#8221;][vc_column][vc_row_inner][vc_column_inner]  \n        \n        <div class=\" \">\n                <div class=\"single-video-shortcode-wrapper style_1 \">\n        <div class=\"video-content\">\n                            <div class=\"video-image\">\n                    <img loading=\"lazy\" decoding=\"async\" width=\"2560\" height=\"1067\" src=\"https:\/\/www.movie-ments.cat\/coneixenca\/wp-content\/uploads\/2018\/08\/Alternativa-copy-scaled.jpg\" class=\"attachment-post-thumbnail size-post-thumbnail wp-post-image\" alt=\"\" srcset=\"https:\/\/www.movie-ments.cat\/coneixenca\/wp-content\/uploads\/2018\/08\/Alternativa-copy-scaled.jpg 2560w, https:\/\/www.movie-ments.cat\/coneixenca\/wp-content\/uploads\/2018\/08\/Alternativa-copy-300x125.jpg 300w, https:\/\/www.movie-ments.cat\/coneixenca\/wp-content\/uploads\/2018\/08\/Alternativa-copy-1024x427.jpg 1024w, https:\/\/www.movie-ments.cat\/coneixenca\/wp-content\/uploads\/2018\/08\/Alternativa-copy-768x320.jpg 768w, https:\/\/www.movie-ments.cat\/coneixenca\/wp-content\/uploads\/2018\/08\/Alternativa-copy-1536x640.jpg 1536w, https:\/\/www.movie-ments.cat\/coneixenca\/wp-content\/uploads\/2018\/08\/Alternativa-copy-2048x853.jpg 2048w\" sizes=\"auto, (max-width: 2560px) 100vw, 2560px\" \/>                                        <div class=\"video-icon\">\n                        <a href=\"javascript:;\" class=\"view-video-button\" data-id=\"3570\" data-player=\"none\" data-server=\"vimeo\"><\/a>\n                    <\/div>\n                                        <div class=\"video-meta\">\n                        <h5 class=\"video-title\"><a href=\"https:\/\/www.movie-ments.cat\/coneixenca\/video\/trailer\/\">TRAILER<\/a><\/h5>\n                        <p class=\"video-excerpt\">\n                                                    <\/p>\n                    <\/div>\n                <\/div>\n                    <\/div>\n    <\/div>\n        <\/div>\n        \n        [\/vc_column_inner][\/vc_row_inner][\/vc_column][\/vc_row][vc_row full_width=&#8221;stretch_row_content&#8221; css=&#8221;.vc_custom_1631529335549{padding-top: 3% !important;padding-bottom: 6% !important;background-color: #003153 !important;}&#8221; el_id=&#8221;quadern&#8221;][vc_column][vc_row_inner][vc_column_inner][vc_custom_heading heading_style=&#8221;heading_style_11&#8243; text=&#8221;CUADERNO AUTOT\u00c9LICO&#8221; font_container=&#8221;tag:h2|text_align:center|color:%23ffffff&#8221; use_theme_fonts=&#8221;yes&#8221; css=&#8221;.vc_custom_1632841429551{padding-top: 3% !important;padding-bottom: 1% !important;}&#8221;][vc_custom_heading heading_style=&#8221;sub_heading_style_2&#8243; text=&#8221;Work in progress&#8221; font_container=&#8221;tag:h2|text_align:center|color:%23ffffff&#8221; use_theme_fonts=&#8221;yes&#8221; css=&#8221;.vc_custom_1631529420510{padding-bottom: 3% !important;}&#8221;][\/vc_column_inner][\/vc_row_inner][vc_row_inner][vc_column_inner width=&#8221;1\/2&#8243;][vc_single_image image=&#8221;3660&#8243; img_size=&#8221;large&#8221; alignment=&#8221;center&#8221;][\/vc_column_inner][vc_column_inner width=&#8221;1\/2&#8243; css=&#8221;.vc_custom_1631265687700{padding-right: 30% !important;}&#8221;][vc_column_text]<\/p>\n<p style=\"text-align: center;\"><strong>Premisa<\/strong><\/p>\n<p style=\"text-align: center;\">La certeza m\u00e1s preciada de nuestra condici\u00f3n proviene de la contemplaci\u00f3n.<\/p>\n<p style=\"text-align: center;\">El film Coneixen\u00e7a (Conocimiento) se complementa con la creaci\u00f3n de un juego en l\u00ednea basado en un cuaderno interactivo titulado El cuaderno autot\u00e9lico. El cuaderno ofrecer\u00e1 contenidos mediante dibujos, ilustraciones, textos, fotograf\u00edas, m\u00fasica y peque\u00f1as c\u00e1psulas de video. El usuario podr\u00e1 participar creando nuevas p\u00e1ginas con la incorporaci\u00f3n de dibujos, textos y fotograf\u00edas.<\/p>\n<p style=\"text-align: center;\">El argumento refleja la construcci\u00f3n del mismo proceso creativo en t\u00e9rminos formales, y ofrece ideas y conceptos vinculados, principalmente, a los \u00e1mbitos de la naturaleza, la m\u00fasica y la pintura. El contenido est\u00e1 relacionado con los cinco actos de la pel\u00edcula Coneixen\u00e7a (Conocimiento): buscar, descubrir, practicar, relacionar y comprender.<\/p>\n<p>[\/vc_column_text][\/vc_column_inner][\/vc_row_inner][\/vc_column][\/vc_row][vc_row full_width=&#8221;stretch_row&#8221; css=&#8221;.vc_custom_1631024810767{padding-top: 8% !important;padding-bottom: 10% !important;background: #121212 url(https:\/\/www.movie-ments.cat\/coneixenca\/wp-content\/uploads\/2021\/09\/Faig2.jpg?id=3461) !important;background-position: center !important;background-repeat: no-repeat !important;background-size: cover !important;}&#8221; el_id=&#8221;credits&#8221;][vc_column][vc_row_inner][vc_column_inner][vc_custom_heading heading_style=&#8221;heading_style_11&#8243; text=&#8221;Cr\u00e9ditos&#8221; font_container=&#8221;tag:h2|text_align:center&#8221; use_theme_fonts=&#8221;yes&#8221; css=&#8221;.vc_custom_1632841488488{padding-top: 3% !important;padding-bottom: 3% !important;}&#8221;][\/vc_column_inner][\/vc_row_inner][vc_row_inner css=&#8221;.vc_custom_1530603953052{padding-top: 8% !important;padding-bottom: 8% !important;}&#8221;][vc_column_inner]                        <div class=\"  \">\n                <div class=\"text-list-shortcode-wrap style_2 \">\n\t<div class=\"text-list-content\">\n\t\t\t        \t        <span class=\"text-sub-title\">int\u00e9rpretes<\/span>\n\t    \t\t        \t        <span class=\"text-title\">\n\t        \t\t        \t\tMARCO SALERNO, ANIOL PETIT, LAIA BOSCH\t    \t\t\t    \t<\/span>\n\t    \t\t    \t        \t        <span class=\"text-sub-title\">Con la participaci\u00f3n de<\/span>\n\t    \t\t        \t        <span class=\"text-title\">\n\t        \t\t        \t\tIRIS PETIT, GEN\u00cdS PETIT, GL\u00d2RIA CANTERO, JOSEP MARIA PETIT\t    \t\t\t    \t<\/span>\n\t    \t\t    \t        \t        <span class=\"text-sub-title\">Direcci\u00f3n y escritura<\/span>\n\t    \t\t        \t        <span class=\"text-title\">\n\t        \t\t        \t\tFRANCESC FONT\t    \t\t\t    \t<\/span>\n\t    \t\t    \t        \t        <span class=\"text-sub-title\">Producci\u00f3n<\/span>\n\t    \t\t        \t        <span class=\"text-title\">\n\t        \t\t        \t\tMovie-ments\t    \t\t\t    \t<\/span>\n\t    \t\t    \t        \t        <span class=\"text-sub-title\">M\u00fasica original<\/span>\n\t    \t\t        \t        <span class=\"text-title\">\n\t        \t\t        \t\tMAGAM (Marta Vila i Vega Montero)\t    \t\t\t    \t<\/span>\n\t    \t\t    \t        \t        <span class=\"text-sub-title\">M\u00fasico int\u00e9rprete<\/span>\n\t    \t\t        \t        <span class=\"text-title\">\n\t        \t\t        \t\tPACO VICIANA (Benedictus. Karl Jenkins)\t    \t\t\t    \t<\/span>\n\t    \t\t    \t        \t        <span class=\"text-sub-title\">Fotograf\u00eda i c\u00e1mera<\/span>\n\t    \t\t        \t        <span class=\"text-title\">\n\t        \t\t        \t\tFRANCESC FONT\t\t    \t\t\t    \t<\/span>\n\t    \t\t    \t        \t        <span class=\"text-sub-title\">Postproducci\u00f3n<\/span>\n\t    \t\t        \t        <span class=\"text-title\">\n\t        \t\t        \t\tXAVIER P\u00c9REZ\t    \t\t\t    \t<\/span>\n\t    \t\t    \t        \t        <span class=\"text-sub-title\">Montaje y etalonaje<\/span>\n\t    \t\t        \t        <span class=\"text-title\">\n\t        \t\t        \t\tFRANCESC FONT\t    \t\t\t    \t<\/span>\n\t    \t\t    \t        \t        <span class=\"text-sub-title\">Locuci\u00f3n voz en off<\/span>\n\t    \t\t        \t        <span class=\"text-title\">\n\t        \t\t        \t\tANIOL PETIT\t    \t\t\t    \t<\/span>\n\t    \t\t    \t        \t        <span class=\"text-sub-title\">M\u00e0ster DCP<\/span>\n\t    \t\t        \t        <span class=\"text-title\">\n\t        \t\t        \t\tFROMZERO\t    \t\t\t    \t<\/span>\n\t    \t\t    \t        \t        <span class=\"text-sub-title\">Postproducci\u00f3n de sonido y mezclas<\/span>\n\t    \t\t        \t        <span class=\"text-title\">\n\t        \t\t        \t\tLLU\u00cdS COSTA\t    \t\t\t    \t<\/span>\n\t    \t\t    \t        \t        <span class=\"text-sub-title\">Estudio de grabaci\u00f3n<\/span>\n\t    \t\t        \t        <span class=\"text-title\">\n\t        \t\t        \t\tSOUNDCLUB\t    \t\t\t    \t<\/span>\n\t    \t\t    \t        \t        <span class=\"text-sub-title\">dise\u00f1o gr\u00e1fico cartel<\/span>\n\t    \t\t        \t        <span class=\"text-title\">\n\t        \t\t        \t\tCAROLINA TR\u00c8BOL\t    \t\t\t    \t<\/span>\n\t    \t\t    \t        \t        <span class=\"text-sub-title\">ASESSORAMIENTO T\u00c8CNICO<\/span>\n\t    \t\t        \t        <span class=\"text-title\">\n\t        \t\t        \t\tXAVIER P\u00c9REZ\t    \t\t\t    \t<\/span>\n\t    \t\t    \t        \t        <span class=\"text-sub-title\">Coordinaci\u00f3n equipamiento<\/span>\n\t    \t\t        \t        <span class=\"text-title\">\n\t        \t\t        \t\tERNEST FORTS \t    \t\t\t    \t<\/span>\n\t    \t\t    \t        \t        <span class=\"text-sub-title\">Secuencia pizarra y Caravaggio Concept art:<\/span>\n\t    \t\t        \t        <span class=\"text-title\">\n\t        \t\t        \t\tJOSEP PLAJA, ADRIANA PUIGVERT - DRIN -\t    \t\t\t    \t<\/span>\n\t    \t\t    \t        \t        <span class=\"text-sub-title\">Ayudante de direcci\u00f3n<\/span>\n\t    \t\t        \t        <span class=\"text-title\">\n\t        \t\t        \t\tPAU RODR\u00cdGUEZ\t    \t\t\t    \t<\/span>\n\t    \t\t    \t        \t        <span class=\"text-sub-title\">Fotograf\u00eda<\/span>\n\t    \t\t        \t        <span class=\"text-title\">\n\t        \t\t        \t\tDANIEL DE JOSE -DEJU-,  MART\u00cd PLUMA \t    \t\t\t    \t<\/span>\n\t    \t\t    \t        \t        <span class=\"text-sub-title\">Con la colaboraci\u00f3n de<\/span>\n\t    \t\t        \t        <span class=\"text-title\">\n\t        \t\t        \t\tEU ERAM -  GRAU EN COMUNICACI\u00d3 AUDIOVISUAL I MULTIM\u00c8DIA\t    \t\t\t    \t<\/span>\n\t    \t\t    \t        \t        <span class=\"text-sub-title\">Con la colaboraci\u00f3n de<\/span>\n\t    \t\t        \t        <span class=\"text-title\">\n\t        \t\t        \t\tRaffaele Pagani Fotografies\t    \t\t\t    \t<\/span>\n\t    \t\t        <\/div>\n<\/div>            <\/div>\n                    [\/vc_column_inner][\/vc_row_inner][\/vc_column][\/vc_row][vc_row full_width=&#8221;stretch_row&#8221; css=&#8221;.vc_custom_1614857321718{padding-top: 3% !important;padding-bottom: 3% !important;background-color: #003153 !important;}&#8221; el_id=&#8221;localitzacions&#8221;][vc_column][vc_row_inner][vc_column_inner][vc_custom_heading heading_style=&#8221;heading_style_11&#8243; text=&#8221;Localizaciones&#8221; font_container=&#8221;tag:h2|text_align:center&#8221; use_theme_fonts=&#8221;yes&#8221; css=&#8221;.vc_custom_1632841809430{padding-top: 3% !important;padding-bottom: 3% !important;}&#8221;][vc_column_text]<\/p>\n<p style=\"text-align: center;\">Uno de los factores que determinan el trabajo es el tratamiento del espacio. Lo que se pretende en algunos interiores del taller es subrayar el espacio con independencia de los personajes. Que posea identidad aut\u00f3noma a la acci\u00f3n, porque en el espacio fluye un tiempo particular, \u00edntimo.<\/p>\n<p style=\"text-align: center;\">Situado al v\u00e9rtice nordeste de Catalu\u00f1a, podemos reconocer que disponemos de uno de los elementos de identidad m\u00e1s importantes del territorio, el Alt Empord\u00e0, un \u00e1mbito que se extiende desde el paisaje litoral hasta el de monta\u00f1a, sin olvidar el paisaje urbano. Este importante valor de afinidad con el paisaje de la comarca dar\u00e1 un marco destacado a las escenas exteriores del film.<\/p>\n<p style=\"text-align: center;\">El pueblo de Ordis, donde encontraremos el taller del lutier, descansa en un paisaje que se adentra por estrechas calles hasta llegar a la iglesia, flanqueado por un fastuoso cipr\u00e9s. Unas espigas de cebada se representan en su escudo, se\u00f1ales alusivas al nombre de la localidad y al cultivo centenario de su tierra.<\/p>\n<p style=\"text-align: center;\">La secuencia de aprendizaje relacionada con la pizarra se desarrolla en el interior de la Capilla de Santa Ll\u00facia de Girona.<\/p>\n<p style=\"text-align: center;\">Los diferentes \u00e1rboles referenciados se ubican principalmente en el paisaje de la comarca del Pla de l&#8217;Estany. El arce y el sauce en Banyoles, el boj en Porqueres, el cipr\u00e9s en Rav\u00f3s de Terri, el nogal de Vilamar\u00ed y el abeto en Sant Miquel de Campmajor y los abetos del municipio de Susqueda en San Mart\u00edn Sacalm.<\/p>\n<p style=\"text-align: center;\">El taller de Aniol Petit lo encontraremos en la localidad de Sant Cebri\u00e0 de Vallalta, pr\u00f3xima a la villa de Sant Pol de Mar de la comarca del Maresme. Un espacio ubicado en el umbral del Parque Natural del Montnegre y el Corredor, con formaciones extendidas de encinares, alcornocales y robledas.<\/p>\n<p>[\/vc_column_text][\/vc_column_inner][\/vc_row_inner][\/vc_column][\/vc_row][vc_row full_width=&#8221;stretch_row_content_no_spaces&#8221; css=&#8221;.vc_custom_1614853137681{padding-top: 3% !important;padding-bottom: 3% !important;background-color: #003153 !important;}&#8221;][vc_column][vc_row_inner][vc_column_inner]  \n        \n        <div class=\"  \">\n                <div class=\"teammember-shortcode-wrap carousel \">\n        <div class=\"haru-carousel teammember-list owl-carousel owl-theme\"\n            data-items=\"6\"\n            data-items-desktop=\"4\"\n            data-items-tablet=\"3\"\n            data-items-mobile=\"2\"\n            data-margin=\"30\"\n            data-autoplay=\"true\"\n            data-slide-duration=\"6000\"\n            data-loop=\"true\"\n            data-counter=\"true\"\n        >\n                        <div class=\"team-item \">\n                    <div class=\"team-content\">\n                        <div class=\"team-image\">\n                            <img loading=\"lazy\" decoding=\"async\" width=\"1606\" height=\"836\" src=\"https:\/\/www.movie-ments.cat\/coneixenca\/wp-content\/uploads\/2018\/08\/Banyoles_-copy-copy.jpg\" class=\"attachment-full size-full wp-post-image\" alt=\"\" srcset=\"https:\/\/www.movie-ments.cat\/coneixenca\/wp-content\/uploads\/2018\/08\/Banyoles_-copy-copy.jpg 1606w, https:\/\/www.movie-ments.cat\/coneixenca\/wp-content\/uploads\/2018\/08\/Banyoles_-copy-copy-300x156.jpg 300w, https:\/\/www.movie-ments.cat\/coneixenca\/wp-content\/uploads\/2018\/08\/Banyoles_-copy-copy-1024x533.jpg 1024w, https:\/\/www.movie-ments.cat\/coneixenca\/wp-content\/uploads\/2018\/08\/Banyoles_-copy-copy-768x400.jpg 768w, https:\/\/www.movie-ments.cat\/coneixenca\/wp-content\/uploads\/2018\/08\/Banyoles_-copy-copy-1536x800.jpg 1536w\" sizes=\"auto, (max-width: 1606px) 100vw, 1606px\" \/>                                                            <ul class=\"member-socials\">\n                                                                    <li class=\"member-social\"><a href=\"\"><i class=\"\"><\/i><\/a><\/li>\n                                                                <\/ul>\n                                                    <\/div>\n                        <div class=\"team-meta\">\n                                                        <h5 class=\"team-title\">\n                                                                    Banyoles                                                            <\/h5>\n                                                        <p class=\"team-position\">\/ L\u2019aur\u00f3 i el salze<\/p>\n                                                    <\/div>\n                    <\/div>\n            <\/div>\n                        <div class=\"team-item special\">\n                    <div class=\"team-content\">\n                        <div class=\"team-image\">\n                            <img loading=\"lazy\" decoding=\"async\" width=\"1628\" height=\"856\" src=\"https:\/\/www.movie-ments.cat\/coneixenca\/wp-content\/uploads\/2018\/07\/AltEmporda-e1721822304392.jpg\" class=\"attachment-full size-full wp-post-image\" alt=\"\" srcset=\"https:\/\/www.movie-ments.cat\/coneixenca\/wp-content\/uploads\/2018\/07\/AltEmporda-e1721822304392.jpg 1628w, https:\/\/www.movie-ments.cat\/coneixenca\/wp-content\/uploads\/2018\/07\/AltEmporda-e1721822304392-300x158.jpg 300w, https:\/\/www.movie-ments.cat\/coneixenca\/wp-content\/uploads\/2018\/07\/AltEmporda-e1721822304392-1024x538.jpg 1024w, https:\/\/www.movie-ments.cat\/coneixenca\/wp-content\/uploads\/2018\/07\/AltEmporda-e1721822304392-768x404.jpg 768w, https:\/\/www.movie-ments.cat\/coneixenca\/wp-content\/uploads\/2018\/07\/AltEmporda-e1721822304392-1536x808.jpg 1536w\" sizes=\"auto, (max-width: 1628px) 100vw, 1628px\" \/>                                                            <ul class=\"member-socials\">\n                                                                    <li class=\"member-social\"><a href=\"\"><i class=\"\"><\/i><\/a><\/li>\n                                                                <\/ul>\n                                                    <\/div>\n                        <div class=\"team-meta\">\n                                                        <h5 class=\"team-title\">\n                                                                    Alt empord\u00e0                                                            <\/h5>\n                                                        <p class=\"team-position\">\/ un \u00e0mbit que s\u2019est\u00e9n des del paisatge litoral fins al de muntanya<\/p>\n                                                    <\/div>\n                    <\/div>\n            <\/div>\n                        <div class=\"team-item \">\n                    <div class=\"team-content\">\n                        <div class=\"team-image\">\n                            <img loading=\"lazy\" decoding=\"async\" width=\"1506\" height=\"858\" src=\"https:\/\/www.movie-ments.cat\/coneixenca\/wp-content\/uploads\/2018\/07\/Ordis_l_Empurda\u0300-copy-1.jpg\" class=\"attachment-full size-full wp-post-image\" alt=\"\" srcset=\"https:\/\/www.movie-ments.cat\/coneixenca\/wp-content\/uploads\/2018\/07\/Ordis_l_Empurda\u0300-copy-1.jpg 1506w, https:\/\/www.movie-ments.cat\/coneixenca\/wp-content\/uploads\/2018\/07\/Ordis_l_Empurda\u0300-copy-1-300x171.jpg 300w, https:\/\/www.movie-ments.cat\/coneixenca\/wp-content\/uploads\/2018\/07\/Ordis_l_Empurda\u0300-copy-1-1024x583.jpg 1024w, https:\/\/www.movie-ments.cat\/coneixenca\/wp-content\/uploads\/2018\/07\/Ordis_l_Empurda\u0300-copy-1-768x438.jpg 768w\" sizes=\"auto, (max-width: 1506px) 100vw, 1506px\" \/>                                                            <ul class=\"member-socials\">\n                                                                    <li class=\"member-social\"><a href=\"\"><i class=\"\"><\/i><\/a><\/li>\n                                                                <\/ul>\n                                                    <\/div>\n                        <div class=\"team-meta\">\n                                                        <h5 class=\"team-title\">\n                                                                    Ordis                                                            <\/h5>\n                                                        <p class=\"team-position\">\/ Alt Empord\u00e0<\/p>\n                                                    <\/div>\n                    <\/div>\n            <\/div>\n                        <div class=\"team-item special\">\n                    <div class=\"team-content\">\n                        <div class=\"team-image\">\n                            <img loading=\"lazy\" decoding=\"async\" width=\"1596\" height=\"840\" src=\"https:\/\/www.movie-ments.cat\/coneixenca\/wp-content\/uploads\/2018\/07\/Santa-Llu\u0301cia-de-Girona_-copy.jpg\" class=\"attachment-full size-full wp-post-image\" alt=\"\" srcset=\"https:\/\/www.movie-ments.cat\/coneixenca\/wp-content\/uploads\/2018\/07\/Santa-Llu\u0301cia-de-Girona_-copy.jpg 1596w, https:\/\/www.movie-ments.cat\/coneixenca\/wp-content\/uploads\/2018\/07\/Santa-Llu\u0301cia-de-Girona_-copy-300x158.jpg 300w, https:\/\/www.movie-ments.cat\/coneixenca\/wp-content\/uploads\/2018\/07\/Santa-Llu\u0301cia-de-Girona_-copy-1024x539.jpg 1024w, https:\/\/www.movie-ments.cat\/coneixenca\/wp-content\/uploads\/2018\/07\/Santa-Llu\u0301cia-de-Girona_-copy-768x404.jpg 768w, https:\/\/www.movie-ments.cat\/coneixenca\/wp-content\/uploads\/2018\/07\/Santa-Llu\u0301cia-de-Girona_-copy-1536x808.jpg 1536w\" sizes=\"auto, (max-width: 1596px) 100vw, 1596px\" \/>                                                            <ul class=\"member-socials\">\n                                                                    <li class=\"member-social\"><a href=\"\"><i class=\"\"><\/i><\/a><\/li>\n                                                                <\/ul>\n                                                    <\/div>\n                        <div class=\"team-meta\">\n                                                        <h5 class=\"team-title\">\n                                                                    Capella de Santa Ll\u00facia                                                            <\/h5>\n                                                        <p class=\"team-position\">\/ Girona<\/p>\n                                                    <\/div>\n                    <\/div>\n            <\/div>\n                        <div class=\"team-item \">\n                    <div class=\"team-content\">\n                        <div class=\"team-image\">\n                            <img loading=\"lazy\" decoding=\"async\" width=\"1610\" height=\"858\" src=\"https:\/\/www.movie-ments.cat\/coneixenca\/wp-content\/uploads\/2018\/07\/Medinya\u0300-copy-copy.jpg\" class=\"attachment-full size-full wp-post-image\" alt=\"\" srcset=\"https:\/\/www.movie-ments.cat\/coneixenca\/wp-content\/uploads\/2018\/07\/Medinya\u0300-copy-copy.jpg 1610w, https:\/\/www.movie-ments.cat\/coneixenca\/wp-content\/uploads\/2018\/07\/Medinya\u0300-copy-copy-300x160.jpg 300w, https:\/\/www.movie-ments.cat\/coneixenca\/wp-content\/uploads\/2018\/07\/Medinya\u0300-copy-copy-1024x546.jpg 1024w, https:\/\/www.movie-ments.cat\/coneixenca\/wp-content\/uploads\/2018\/07\/Medinya\u0300-copy-copy-768x409.jpg 768w, https:\/\/www.movie-ments.cat\/coneixenca\/wp-content\/uploads\/2018\/07\/Medinya\u0300-copy-copy-1536x819.jpg 1536w\" sizes=\"auto, (max-width: 1610px) 100vw, 1610px\" \/>                                                            <ul class=\"member-socials\">\n                                                                    <li class=\"member-social\"><a href=\"\"><i class=\"\"><\/i><\/a><\/li>\n                                                                <\/ul>\n                                                    <\/div>\n                        <div class=\"team-meta\">\n                                                        <h5 class=\"team-title\">\n                                                                    Mediny\u00e0                                                            <\/h5>\n                                                        <p class=\"team-position\">\/ Resid\u00e8ncia Els Cirerers<\/p>\n                                                    <\/div>\n                    <\/div>\n            <\/div>\n                        <div class=\"team-item special\">\n                    <div class=\"team-content\">\n                        <div class=\"team-image\">\n                            <img loading=\"lazy\" decoding=\"async\" width=\"1624\" height=\"858\" src=\"https:\/\/www.movie-ments.cat\/coneixenca\/wp-content\/uploads\/2018\/07\/Pla-de-l_Estany-2-copy-1.jpg\" class=\"attachment-full size-full wp-post-image\" alt=\"\" srcset=\"https:\/\/www.movie-ments.cat\/coneixenca\/wp-content\/uploads\/2018\/07\/Pla-de-l_Estany-2-copy-1.jpg 1624w, https:\/\/www.movie-ments.cat\/coneixenca\/wp-content\/uploads\/2018\/07\/Pla-de-l_Estany-2-copy-1-300x158.jpg 300w, https:\/\/www.movie-ments.cat\/coneixenca\/wp-content\/uploads\/2018\/07\/Pla-de-l_Estany-2-copy-1-1024x541.jpg 1024w, https:\/\/www.movie-ments.cat\/coneixenca\/wp-content\/uploads\/2018\/07\/Pla-de-l_Estany-2-copy-1-768x406.jpg 768w, https:\/\/www.movie-ments.cat\/coneixenca\/wp-content\/uploads\/2018\/07\/Pla-de-l_Estany-2-copy-1-1536x812.jpg 1536w\" sizes=\"auto, (max-width: 1624px) 100vw, 1624px\" \/>                                                            <ul class=\"member-socials\">\n                                                                    <li class=\"member-social\"><a href=\"\"><i class=\"\"><\/i><\/a><\/li>\n                                                                <\/ul>\n                                                    <\/div>\n                        <div class=\"team-meta\">\n                                                        <h5 class=\"team-title\">\n                                                                    Porqueres                                                            <\/h5>\n                                                        <p class=\"team-position\">\/ El boix<\/p>\n                                                    <\/div>\n                    <\/div>\n            <\/div>\n                        <div class=\"team-item \">\n                    <div class=\"team-content\">\n                        <div class=\"team-image\">\n                            <img loading=\"lazy\" decoding=\"async\" width=\"1626\" height=\"858\" src=\"https:\/\/www.movie-ments.cat\/coneixenca\/wp-content\/uploads\/2018\/07\/Ravo\u0301s-de-Terri-copy-1.jpg\" class=\"attachment-full size-full wp-post-image\" alt=\"\" srcset=\"https:\/\/www.movie-ments.cat\/coneixenca\/wp-content\/uploads\/2018\/07\/Ravo\u0301s-de-Terri-copy-1.jpg 1626w, https:\/\/www.movie-ments.cat\/coneixenca\/wp-content\/uploads\/2018\/07\/Ravo\u0301s-de-Terri-copy-1-300x158.jpg 300w, https:\/\/www.movie-ments.cat\/coneixenca\/wp-content\/uploads\/2018\/07\/Ravo\u0301s-de-Terri-copy-1-1024x540.jpg 1024w, https:\/\/www.movie-ments.cat\/coneixenca\/wp-content\/uploads\/2018\/07\/Ravo\u0301s-de-Terri-copy-1-768x405.jpg 768w, https:\/\/www.movie-ments.cat\/coneixenca\/wp-content\/uploads\/2018\/07\/Ravo\u0301s-de-Terri-copy-1-1536x811.jpg 1536w\" sizes=\"auto, (max-width: 1626px) 100vw, 1626px\" \/>                                                            <ul class=\"member-socials\">\n                                                                    <li class=\"member-social\"><a href=\"\"><i class=\"\"><\/i><\/a><\/li>\n                                                                <\/ul>\n                                                    <\/div>\n                        <div class=\"team-meta\">\n                                                        <h5 class=\"team-title\">\n                                                                    Rav\u00f3s de Terri                                                            <\/h5>\n                                                        <p class=\"team-position\">\/ El xiprer<\/p>\n                                                    <\/div>\n                    <\/div>\n            <\/div>\n                        <div class=\"team-item special\">\n                    <div class=\"team-content\">\n                        <div class=\"team-image\">\n                            <img loading=\"lazy\" decoding=\"async\" width=\"1594\" height=\"820\" src=\"https:\/\/www.movie-ments.cat\/coneixenca\/wp-content\/uploads\/2018\/06\/Vilamari\u0301_-copy.jpg\" class=\"attachment-full size-full wp-post-image\" alt=\"\" srcset=\"https:\/\/www.movie-ments.cat\/coneixenca\/wp-content\/uploads\/2018\/06\/Vilamari\u0301_-copy.jpg 1594w, https:\/\/www.movie-ments.cat\/coneixenca\/wp-content\/uploads\/2018\/06\/Vilamari\u0301_-copy-300x154.jpg 300w, https:\/\/www.movie-ments.cat\/coneixenca\/wp-content\/uploads\/2018\/06\/Vilamari\u0301_-copy-1024x527.jpg 1024w, https:\/\/www.movie-ments.cat\/coneixenca\/wp-content\/uploads\/2018\/06\/Vilamari\u0301_-copy-768x395.jpg 768w, https:\/\/www.movie-ments.cat\/coneixenca\/wp-content\/uploads\/2018\/06\/Vilamari\u0301_-copy-1536x790.jpg 1536w\" sizes=\"auto, (max-width: 1594px) 100vw, 1594px\" \/>                                                            <ul class=\"member-socials\">\n                                                                    <li class=\"member-social\"><a href=\"\"><i class=\"\"><\/i><\/a><\/li>\n                                                                <\/ul>\n                                                    <\/div>\n                        <div class=\"team-meta\">\n                                                        <h5 class=\"team-title\">\n                                                                    Vilamar\u00ed                                                            <\/h5>\n                                                        <p class=\"team-position\">\/ La Noguera<\/p>\n                                                    <\/div>\n                    <\/div>\n            <\/div>\n                        <div class=\"team-item \">\n                    <div class=\"team-content\">\n                        <div class=\"team-image\">\n                            <img loading=\"lazy\" decoding=\"async\" width=\"1514\" height=\"858\" src=\"https:\/\/www.movie-ments.cat\/coneixenca\/wp-content\/uploads\/2018\/06\/L_Empurda\u0300-copy.jpg\" class=\"attachment-full size-full wp-post-image\" alt=\"\" srcset=\"https:\/\/www.movie-ments.cat\/coneixenca\/wp-content\/uploads\/2018\/06\/L_Empurda\u0300-copy.jpg 1514w, https:\/\/www.movie-ments.cat\/coneixenca\/wp-content\/uploads\/2018\/06\/L_Empurda\u0300-copy-300x170.jpg 300w, https:\/\/www.movie-ments.cat\/coneixenca\/wp-content\/uploads\/2018\/06\/L_Empurda\u0300-copy-1024x580.jpg 1024w, https:\/\/www.movie-ments.cat\/coneixenca\/wp-content\/uploads\/2018\/06\/L_Empurda\u0300-copy-768x435.jpg 768w\" sizes=\"auto, (max-width: 1514px) 100vw, 1514px\" \/>                                                            <ul class=\"member-socials\">\n                                                                    <li class=\"member-social\"><a href=\"\"><i class=\"\"><\/i><\/a><\/li>\n                                                                <\/ul>\n                                                    <\/div>\n                        <div class=\"team-meta\">\n                                                        <h5 class=\"team-title\">\n                                                                    Sant Miquel de Campmajor                                                            <\/h5>\n                                                        <p class=\"team-position\">\/ L'avet<\/p>\n                                                    <\/div>\n                    <\/div>\n            <\/div>\n                        <div class=\"team-item special\">\n                    <div class=\"team-content\">\n                        <div class=\"team-image\">\n                            <img loading=\"lazy\" decoding=\"async\" width=\"1612\" height=\"858\" src=\"https:\/\/www.movie-ments.cat\/coneixenca\/wp-content\/uploads\/2018\/06\/Sant-Marti\u0301-Sacalm-copy-1.jpg\" class=\"attachment-full size-full wp-post-image\" alt=\"\" srcset=\"https:\/\/www.movie-ments.cat\/coneixenca\/wp-content\/uploads\/2018\/06\/Sant-Marti\u0301-Sacalm-copy-1.jpg 1612w, https:\/\/www.movie-ments.cat\/coneixenca\/wp-content\/uploads\/2018\/06\/Sant-Marti\u0301-Sacalm-copy-1-300x160.jpg 300w, https:\/\/www.movie-ments.cat\/coneixenca\/wp-content\/uploads\/2018\/06\/Sant-Marti\u0301-Sacalm-copy-1-1024x545.jpg 1024w, https:\/\/www.movie-ments.cat\/coneixenca\/wp-content\/uploads\/2018\/06\/Sant-Marti\u0301-Sacalm-copy-1-768x409.jpg 768w, https:\/\/www.movie-ments.cat\/coneixenca\/wp-content\/uploads\/2018\/06\/Sant-Marti\u0301-Sacalm-copy-1-1536x818.jpg 1536w\" sizes=\"auto, (max-width: 1612px) 100vw, 1612px\" \/>                                                            <ul class=\"member-socials\">\n                                                                    <li class=\"member-social\"><a href=\"\"><i class=\"\"><\/i><\/a><\/li>\n                                                                <\/ul>\n                                                    <\/div>\n                        <div class=\"team-meta\">\n                                                        <h5 class=\"team-title\">\n                                                                    Sant Mart\u00ed Sacalm                                                            <\/h5>\n                                                        <p class=\"team-position\">\/ Susqueda<\/p>\n                                                    <\/div>\n                    <\/div>\n            <\/div>\n                    <\/div>\n        <div class=\"slider-counter\"><\/div>\n    <\/div>\n        <\/div>  \n        \n        [\/vc_column_inner][\/vc_row_inner][\/vc_column][\/vc_row][vc_row full_width=&#8221;stretch_row_content_no_spaces&#8221; css=&#8221;.vc_custom_1614857331042{padding-top: 3% !important;padding-bottom: 3% !important;background-color: #121212 !important;}&#8221; el_id=&#8221;galeria&#8221;][vc_column][vc_row_inner][vc_column_inner][vc_custom_heading heading_style=&#8221;heading_style_11&#8243; text=&#8221;Galeria&#8221; font_container=&#8221;tag:h2|text_align:center&#8221; use_theme_fonts=&#8221;yes&#8221; css=&#8221;.vc_custom_1614852935820{padding-top: 3% !important;padding-bottom: 3% !important;}&#8221;][\/vc_column_inner][\/vc_row_inner][vc_gallery type=&#8221;image_grid&#8221; images=&#8221;3602,3494,3433,3432,3427,3603,3429,3428,3430,3601,3431,3581&#8243; img_size=&#8221;300&#215;300&#8243;][\/vc_column][\/vc_row]<\/p>\n","protected":false},"excerpt":{"rendered":"<p>[vc_row][vc_column][vc_row_inner][vc_column_inner][rev_slider_vc alias=&#8221;home-en-1&#8243;][\/vc_column_inner][\/vc_row_inner][\/vc_column][\/vc_row][vc_row full_width=&#8221;stretch_row&#8221; css=&#8221;.vc_custom_1614857301086{padding-top: 3% !important;padding-bottom: 6% !important;background-color: #003153 !important;}&#8221; el_id=&#8221;premisa&#8221;][vc_column][vc_custom_heading heading_style=&#8221;heading_style_11&#8243; text=&#8221;DEC\u00c1LOGO DE REALIZACI\u00d3N&#8221; font_container=&#8221;tag:h2|text_align:center|color:%23ffffff&#8221; use_theme_fonts=&#8221;yes&#8221; css=&#8221;.vc_custom_1649327582566{padding-top: 3% !important;padding-bottom: 3% !important;}&#8221;][vc_row_inner][vc_column_inner width=&#8221;1\/6&#8243;][\/vc_column_inner][vc_column_inner width=&#8221;2\/3&#8243;][vc_column_text]Es impl\u00edcito que, para poder priorizar una pel\u00edcula, en alg\u00fan momento se tendr\u00e1 que hacer\u00a0un juicio cr\u00edtico. Posiblemente, conocer el contexto en que la obra se ha realizado puede\u00a0ayudar a valorarla desde [&hellip;]<\/p>\n","protected":false},"author":1,"featured_media":0,"parent":0,"menu_order":0,"comment_status":"closed","ping_status":"closed","template":"","meta":{"footnotes":""},"class_list":["post-3586","page","type-page","status-publish","hentry","clearfix"],"_links":{"self":[{"href":"https:\/\/www.movie-ments.cat\/coneixenca\/wp-json\/wp\/v2\/pages\/3586","targetHints":{"allow":["GET"]}}],"collection":[{"href":"https:\/\/www.movie-ments.cat\/coneixenca\/wp-json\/wp\/v2\/pages"}],"about":[{"href":"https:\/\/www.movie-ments.cat\/coneixenca\/wp-json\/wp\/v2\/types\/page"}],"author":[{"embeddable":true,"href":"https:\/\/www.movie-ments.cat\/coneixenca\/wp-json\/wp\/v2\/users\/1"}],"replies":[{"embeddable":true,"href":"https:\/\/www.movie-ments.cat\/coneixenca\/wp-json\/wp\/v2\/comments?post=3586"}],"version-history":[{"count":8,"href":"https:\/\/www.movie-ments.cat\/coneixenca\/wp-json\/wp\/v2\/pages\/3586\/revisions"}],"predecessor-version":[{"id":3671,"href":"https:\/\/www.movie-ments.cat\/coneixenca\/wp-json\/wp\/v2\/pages\/3586\/revisions\/3671"}],"wp:attachment":[{"href":"https:\/\/www.movie-ments.cat\/coneixenca\/wp-json\/wp\/v2\/media?parent=3586"}],"curies":[{"name":"wp","href":"https:\/\/api.w.org\/{rel}","templated":true}]}}